{"id":11604,"date":"2021-05-04T16:55:17","date_gmt":"2021-05-04T14:55:17","guid":{"rendered":"https:\/\/www.karlenkoncept.com\/privacy-policy\/"},"modified":"2021-05-04T16:55:17","modified_gmt":"2021-05-04T14:55:17","slug":"privacy-policy","status":"publish","type":"page","link":"https:\/\/www.karlenkoncept.com\/en\/privacy-policy\/","title":{"rendered":"Privacy Policy"},"content":{"rendered":"\t\t<div data-elementor-type=\"wp-page\" data-elementor-id=\"11604\" class=\"elementor elementor-11604 elementor-10584\">\n\t\t\t\t\t\t<div class=\"elementor-inner\">\n\t\t\t\t<div class=\"elementor-section-wrap\">\n\t\t\t\t\t\t\t\t\t<section class=\"elementor-section elementor-top-section elementor-element elementor-element-7b78f19 elementor-section-boxed elementor-section-height-default elementor-section-height-default\" data-id=\"7b78f19\" data-element_type=\"section\">\n\t\t\t\t\t\t<div class=\"elementor-container elementor-column-gap-default\">\n\t\t\t\t\t\t\t<div class=\"elementor-row\">\n\t\t\t\t\t<div class=\"elementor-column elementor-col-100 elementor-top-column elementor-element elementor-element-a3709f4\" data-id=\"a3709f4\" data-element_type=\"column\">\n\t\t\t<div class=\"elementor-column-wrap elementor-element-populated\">\n\t\t\t\t\t\t\t<div class=\"elementor-widget-wrap\">\n\t\t\t\t\t\t<div class=\"elementor-element elementor-element-19e8538 elementor-widget elementor-widget-text-editor\" data-id=\"19e8538\" data-element_type=\"widget\" data-widget_type=\"text-editor.default\">\n\t\t\t\t<div class=\"elementor-widget-container\">\n\t\t\t<style>\/*! elementor - v3.10.2 - 29-01-2023 *\/\n.elementor-widget-text-editor.elementor-drop-cap-view-stacked .elementor-drop-cap{background-color:#818a91;color:#fff}.elementor-widget-text-editor.elementor-drop-cap-view-framed .elementor-drop-cap{color:#818a91;border:3px solid;background-color:transparent}.elementor-widget-text-editor:not(.elementor-drop-cap-view-default) .elementor-drop-cap{margin-top:8px}.elementor-widget-text-editor:not(.elementor-drop-cap-view-default) .elementor-drop-cap-letter{width:1em;height:1em}.elementor-widget-text-editor .elementor-drop-cap{float:left;text-align:center;line-height:1;font-size:50px}.elementor-widget-text-editor .elementor-drop-cap-letter{display:inline-block}<\/style>\t\t\t\t\t<div class=\"elementor-text-editor elementor-clearfix\">\n\t\t\t\t<p>Karlen Koncept soucieuse des droits des individus, notamment au regard des traitements automatis\u00e9s, et dans une volont\u00e9 de transparence avec ses clients, a mis en place pour le site www.karlenkoncept.com\u00a0(ci-apr\u00e8s le \u201csite\u201d)\u00a0la pr\u00e9sente politique reprenant l\u2019ensemble de ces traitements, des finalit\u00e9s poursuivies par ces derniers ainsi que des moyens d\u2019actions \u00e0 la disposition des individus afin qu\u2019ils puissent au mieux exercer leurs droits.<\/p>\n<p>Conform\u00e9ment au R\u00e8glement G\u00e9n\u00e9ral sur la Protection des Donn\u00e9es 2016\/679 du 27 avril 2016 \u00a0(ci-apr\u00e8s le \u201cR\u00e8glement G\u00e9n\u00e9ral sur la Protection des Donn\u00e9es\u201d ou \u201cRGPD\u201d) et \u00e0 la loi n\u00b078-17 du 6 janvier 1978 dite loi Informatique et Libert\u00e9s et toute loi ou r\u00e9glementation qui viendrait la compl\u00e9ter ou la substituer (ci-apr\u00e8s la \u201cR\u00e9glementation Applicable\u201d), Karlen Koncept\u00a0informe ses utilisateurs que dans le cadre de l\u2019offre propos\u00e9e sur le site \u201cwww.karlenkoncept.com\u201d, elle est amen\u00e9e \u00e0 collecter et traiter des donn\u00e9es \u00e0 caract\u00e8re personnel telles que d\u00e9finies par la R\u00e9glementation Applicable et en particulier l\u2019article 4 du RGPD.<\/p>\n<p>La version actuellement en ligne de cette politique est la seule opposable pendant toute la dur\u00e9e d\u2019utilisation du site et jusqu\u2019\u00e0 ce qu\u2019une nouvelle version la remplace.<\/p>\n<p><strong>Article 1\u00a0\u2013\u00a0MENTIONS L\u00c9GALES:<\/strong><\/p>\n<p><strong>1.1 Le site:<\/strong><\/p>\n<p>www.karlenkoncept.com<\/p>\n<p><strong>1.2 : L\u2019\u00e9diteur:<\/strong><\/p>\n<p>Karlen Koncept,<\/p>\n<p>demeurant : 591 chemin du Canadel &#8211; 83310 Cogolin , n\u00b0 SIREN: 887494706,<\/p>\n<p>N\u00b0 de t\u00e9l\u00e9phone: 06 03 15 91 16,<\/p>\n<p>Adresse mail: \u00a0hello@karlenkoncept.com<\/p>\n<p><strong>1.3: L\u2019h\u00e9bergeur:<\/strong><\/p>\n<p>www.karlenkoncept.com est h\u00e9berg\u00e9 par Cloudways, dont le si\u00e8ge social est situ\u00e9 52 Springvale, Pope Pius XII Street Mosta MST2653, Malta.<\/p>\n<p><strong>Article 2 &#8211; ACC\u00c8S AU SITE:<\/strong><\/p>\n<p>L\u2019acc\u00e8s au site et son utilisation sont r\u00e9serv\u00e9s \u00e0 un usage strictement personnel. Les utilisateurs s\u2019engagent \u00e0 ne pas utiliser ce site et les informations ou donn\u00e9es qui y figurent \u00e0 des fins commerciales, politiques, publicitaires et pour toute forme de sollicitation commerciale et notamment l\u2019envoi de courriers \u00e9lectroniques non sollicit\u00e9s.<\/p>\n<p><strong>Article 3 &#8211; CONTENU DU SITE:<\/strong><\/p>\n<p>Toutes les marques, photographies, textes, commentaires, illustrations, images anim\u00e9es ou non, s\u00e9quences vid\u00e9o, sons, ainsi que toutes les applications informatiques qui pourraient \u00eatre utilis\u00e9es pour faire fonctionner ce site et plus g\u00e9n\u00e9ralement tous les \u00e9l\u00e9ments reproduits ou utilis\u00e9s sur le site sont prot\u00e9g\u00e9s par les lois en vigueur au titre de la propri\u00e9t\u00e9 intellectuelle.<\/p>\n<p>Ils sont la propri\u00e9t\u00e9 pleine et enti\u00e8re de l\u2019\u00e9diteur ou de ses partenaires. Toute reproduction, repr\u00e9sentation, utilisation ou adaptation, sous quelque forme que ce soit, de tout ou partie de ces \u00e9l\u00e9ments, y compris les applications informatiques, sans l\u2019accord pr\u00e9alable et \u00e9crit de l\u2019\u00e9diteur, sont strictement interdites. Le fait pour l\u2019\u00e9diteur de ne pas engager de proc\u00e9dure d\u00e8s la prise de connaissance de ces utilisations non autoris\u00e9es ne vaut pas acceptation desdites utilisations et renonciation aux poursuites.<\/p>\n<p><strong>Article 4 &#8211; GESTION DU SITE:<\/strong><\/p>\n<p>Pour la bonne gestion du site, l\u2019\u00e9diteur pourra \u00e0 tout moment :<\/p>\n<ul>\n<li>suspendre, interrompre ou limiter l\u2019acc\u00e8s \u00e0 tout ou partie du site, r\u00e9server l\u2019acc\u00e8s au site, ou \u00e0 certaines parties du site, \u00e0 une cat\u00e9gorie d\u00e9termin\u00e9e d\u2019internautes ;<\/li>\n<li>supprimer toute information pouvant en perturber le fonctionnement ou entrant en contravention avec les lois nationales ou internationales.<\/li>\n<li>suspendre le site afin de proc\u00e9der \u00e0 des mises \u00e0 jour.<\/li>\n<\/ul>\n<p><strong>Article 5 \u2013 RESPONSABILIT\u00c9S:<\/strong><\/p>\n<p>La responsabilit\u00e9 de l\u2019\u00e9diteur ne peut \u00eatre engag\u00e9e en cas de d\u00e9faillance, panne, difficult\u00e9 ou interruption de fonctionnement, emp\u00eachant l\u2019acc\u00e8s au site ou \u00e0 une de ses fonctionnalit\u00e9s.<\/p>\n<p>Le mat\u00e9riel de connexion au site des utilisateurs est leur enti\u00e8re responsabilit\u00e9. Ils doivent prendre toutes les mesures appropri\u00e9es pour prot\u00e9ger leur mat\u00e9riel et leurs propres donn\u00e9es notamment d\u2019attaques virales par Internet. Ils sont par ailleurs seuls responsables des sites et donn\u00e9es qu\u2019ils consultent.<\/p>\n<p>L\u2019\u00e9diteur ne pourra \u00eatre tenu responsable en cas de poursuites judiciaires \u00e0 l\u2019encontre des utilisateurs :<\/p>\n<ul>\n<li>du fait de l\u2019usage du site ou de tout service accessible via Internet ;<\/li>\n<li>du fait du non-respect par eux de la pr\u00e9sente politique.<\/li>\n<\/ul>\n<p>L\u2019\u00e9diteur n\u2019est pas responsable des dommages caus\u00e9s aux utilisateurs, \u00e0 des tiers et\/ou \u00e0 leur \u00e9quipement du fait de leur connexion ou de leur utilisation du site et ils renoncent \u00e0 toute action contre lui de ce fait.<\/p>\n<p>Si l\u2019\u00e9diteur venait \u00e0 faire l\u2019objet d\u2019une proc\u00e9dure amiable ou judiciaire \u00e0 raison de leur utilisation du site, il pourra se retourner contre eux pour obtenir l\u2019indemnisation de tous les pr\u00e9judices, sommes, condamnations et frais qui pourraient d\u00e9couler de cette proc\u00e9dure.<\/p>\n<p><strong>Article 6 \u2013 LIENS HYPERTEXTES:<\/strong><\/p>\n<p>La mise en place par les utilisateurs de tous liens hypertextes vers tout ou partie du site est autoris\u00e9e par l\u2019\u00e9diteur. Tout lien devra \u00eatre retir\u00e9 sur simple demande de l\u2019\u00e9diteur.<\/p>\n<p>Toute information accessible via un lien vers d\u2019autres sites n\u2019est pas publi\u00e9 par l\u2019\u00e9diteur. L\u2019\u00e9diteur ne dispose d\u2019aucun droit sur le contenu pr\u00e9sent dans ledit lien.<\/p>\n<p><strong>Article 7 \u2013 COLLECTE ET PROTECTION DES DONN\u00c9ES:<\/strong><\/p>\n<p>Dans le cadre de la gestion du site et de son offre, Karlen Koncept est susceptible de collecter les donn\u00e9es \u00e0 caract\u00e8re personnel suivantes :<\/p>\n<ul>\n<li>Nom et pr\u00e9nom<\/li>\n<li>Adresse<\/li>\n<li>Adresse mail<\/li>\n<li>Num\u00e9ro de t\u00e9l\u00e9phone<\/li>\n<li>Donn\u00e9es financi\u00e8res relatives \u00e0 la carte de cr\u00e9dit de l\u2019utilisateur.<\/li>\n<\/ul>\n<p>Les donn\u00e9es collect\u00e9es sont uniquement celles strictement n\u00e9cessaires \u00e0 l\u2019offre de produits et l\u2019ex\u00e9cution de services \u00e0 destination de ses utilisateurs :<\/p>\n<ul>\n<li>elles peuvent servir \u00e0 des fins de contact et de communication, pour la fourniture de conseils, la gestion de commandes en ligne, le suivi de la relation, et plus g\u00e9n\u00e9ralement la gestion des op\u00e9rations lui permettant de communiquer avec les utilisateurs;<\/li>\n<li>elles peuvent \u00e9galement servir \u00e0 des fins de r\u00e9alisation d\u2019analyses telles que le suivi des tendances, des actions marketings, des taux de clics, visant notamment l\u2019am\u00e9lioration du site, ses produits et\/ou services;<\/li>\n<li>sous r\u00e9serve de son absence d\u2019opposition, les utilisateurs peuvent recevoir des emails, newsletters, ebooks, vid\u00e9os, offres commerciales, r\u00e9ponses \u00e0 un quizz en ligne, informations sur des \u00e9v\u00e9nements incluant notamment la mise \u00e0 jour de certaines fonctionnalit\u00e9s, le lancement de nouveaux produits et d\u2019autres contenus informationnels sur diff\u00e9rents sujets, lesquels restent strictement li\u00e9 aux produits et services de Karlen Koncept.<\/li>\n<\/ul>\n<p><strong>Article 8 \u2013 DROITS LIES AUX DONNEES A CARACTERE PERSONNEL:<\/strong><\/p>\n<p>Conform\u00e9ment \u00e0 la R\u00e9glementation Applicable, les utilisateurs disposent des droits suivants :<\/p>\n<ul>\n<li>Le droit d\u2019acc\u00e8s\u00a0: Ils peuvent adresser une demande afin de conna\u00eetre les donn\u00e9es personnelles les concernant<\/li>\n<li>Le droit de rectification\u00a0: Si les donn\u00e9es \u00e0 caract\u00e8re personnel d\u00e9tenues par le site sont inexactes, ils peuvent demander la mise \u00e0 jour des informations.<\/li>\n<li>Le droit d\u2019effacement\u00a0: Ils peuvent demander la suppression de leurs donn\u00e9es \u00e0 caract\u00e8re personnel.<\/li>\n<li>Le droit \u00e0 la limitation du traitement\u00a0notamment dans l\u2019hypoth\u00e8se o\u00f9 :\n<ul>\n<li>ils contestent l\u2019exactitude des donn\u00e9es \u00e0 caract\u00e8re personnel,<\/li>\n<li>le traitement des donn\u00e9es \u00e0 caract\u00e8re personnel est illicite et qu\u201dils souhaitent le limiter plut\u00f4t que de demander la suppression de ces derni\u00e8res,<\/li>\n<li>ils souhaitent que les donn\u00e9es \u00e0 caract\u00e8re personnel soient conserv\u00e9es car n\u00e9cessaires \u00e0 la constatation, l\u2019exercice ou la d\u00e9fense de leurs droits en justice,<\/li>\n<li>ils sont oppos\u00e9s au traitement de donn\u00e9es \u00e0 caract\u00e8re personnel, pendant la p\u00e9riode au cours de laquelle il est v\u00e9rifi\u00e9 que Karlen Koncept v\u00e9rifie qu\u2019elle n\u2019a pas d\u2019autres motifs l\u00e9gitimes pr\u00e9pond\u00e9rants pour poursuivre leur traitement.<\/li>\n<\/ul>\n<\/li>\n<li>Le droit de s\u2019opposer\u00a0au traitement des donn\u00e9es sous r\u00e9serve d\u2019une justification l\u00e9gitime tenant \u00e0 la particularit\u00e9 de leurs situations.<\/li>\n<li>Le droit \u00e0 la portabilit\u00e9\u00a0: Ils peuvent obtenir et r\u00e9utiliser une copie des donn\u00e9es \u00e0 caract\u00e8re personnel.<\/li>\n<li>Le droit de faire parvenir des directives sp\u00e9ciales relatives au sort des donn\u00e9es \u00e0 caract\u00e8re personnel apr\u00e8s leurs morts.<\/li>\n<\/ul>\n<p>Ces droits peuvent \u00eatre exerc\u00e9s en adressant une demande \u00a0:<\/p>\n<p>par email \u00e0 : hello@karlenkoncept.com<\/p>\n<p>ou par courrier \u00e0 :\u00a0Karlen Koncept, 591 chemin du Canadel &#8211; 83310 Cogolin<\/p>\n<p>Toute demande doit \u00eatre accompagn\u00e9e de la photocopie d\u2019un titre d\u2019identit\u00e9 en cours de validit\u00e9 sign\u00e9 et faire mention de l\u2019adresse \u00e0 laquelle l\u2019\u00e9diteur pourra contacter le demandeur. La r\u00e9ponse sera adress\u00e9e dans le mois suivant la r\u00e9ception de la demande. Ce d\u00e9lai d\u2019un mois peut \u00eatre prolong\u00e9 de deux mois si la complexit\u00e9 de la demande et\/ou le nombre de demandes l\u2019exigent.<\/p>\n<p><strong>Article 9 \u2013 RECOURS<\/strong><\/p>\n<p>Les utilisateurs peuvent aussi introduire une r\u00e9clamation aupr\u00e8s de la CNIL dont les site est accessible via\u00a0<a href=\"https:\/\/www.cnil.fr\/\">https:\/\/www.cnil.fr<\/a>\u00a0ou de toute autorit\u00e9 comp\u00e9tente. Ils sont encourag\u00e9s \u00e0 contacter l\u2019\u00e9diteur du site au pr\u00e9alable, avant le d\u00e9p\u00f4t d\u2019une telle r\u00e9clamation.<\/p>\n<p><strong>Article 10 \u2013 POLITIQUE DE CONSERVATION DES DONN\u00c9ES:<\/strong><\/p>\n<p>Le site conserve les donn\u00e9es \u00e0 caract\u00e8re personnel pour la dur\u00e9e strictement n\u00e9cessaire \u00e0 la prestation de \u00a0service, l\u2019offre de produits et l\u2019assistance y aff\u00e9rente.<\/p>\n<p>Les donn\u00e9es \u00e0 caract\u00e8res personnel peuvent \u00e9galement \u00eatre conserv\u00e9es pendant les dur\u00e9es de prescriptions l\u00e9gales, et ce m\u00eame \u00a0m\u00eame apr\u00e8s la fermeture d\u2019un compte ou la fin d\u2019une prestation de service, afin notamment de : respecter les obligations comptables et fiscales, r\u00e9gler des litiges, emp\u00eacher les fraudes.<\/p>\n<p><strong>Article 11- PARTAGE DES DONN\u00c9ES A CARACTERE PERSONNEL AVEC DES TIERS:<\/strong><\/p>\n<p>Le cas \u00e9ch\u00e9ant, les donn\u00e9es \u00e0 caract\u00e8re personnel pourront \u00eatre transmises \u00e0 un tiers, et\/ou \u00e0 des sous-traitants de \u00a0Karlen Koncept.<\/p>\n<p>En aucun cas, Karlen Koncept, ni aucun de ses sous-traitants, ne proc\u00e8dent \u00e0 la commercialisation des donn\u00e9es \u00e0 caract\u00e8re personnel des utilisateurs de son site.<\/p>\n<p>Les donn\u00e9es \u00e0 caract\u00e8re personnel peuvent \u00eatre utilis\u00e9es et partag\u00e9es avec des tiers exclusivement dans l\u2019Union europ\u00e9enne, dans les cas suivants :<\/p>\n<ul>\n<li>quand l\u2019utilisateur utilise les services de paiement, pour la mise en \u0153uvre de ces services, le site est en relation avec des soci\u00e9t\u00e9s bancaires et financi\u00e8res tierces avec lesquelles elle a pass\u00e9 des contrats ;<\/li>\n<li>lorsque l\u2019utilisateur publie, dans les zones de commentaires libres du site, des informations accessibles au public ;<\/li>\n<li>quand l\u2019utilisateur autorise le site web d\u2019un tiers \u00e0 acc\u00e9der \u00e0 ses donn\u00e9es ;<\/li>\n<li>quand le site recourt aux services de prestataires pour fournir l\u2019assistance utilisateurs, la publicit\u00e9 et les services de paiement. Ces prestataires disposent d\u2019un acc\u00e8s limit\u00e9 aux donn\u00e9es de l\u2019utilisateur, dans le cadre de l\u2019ex\u00e9cution de ces prestations, et ont une obligation contractuelle de les utiliser en conformit\u00e9 avec la R\u00e9glementation Applicable ;<\/li>\n<li>si la loi l\u2019exige, le site peut effectuer la transmission de donn\u00e9es pour donner suite aux r\u00e9clamations pr\u00e9sent\u00e9es contre le site et se conformer aux proc\u00e9dures administratives et judiciaires.<\/li>\n<\/ul>\n<p><strong>Article 12 \u2013 OFFRES COMMERCIALES:<\/strong><\/p>\n<p>Les utilisateurs sont susceptibles de recevoir des offres commerciales de l\u2019\u00e9diteur. S\u2019ils ne le souhaitent pas, ils peuvent adresser un email \u00e0 l\u2019adresse suivante :<\/p>\n<p>hello@karlenkoncept.com<\/p>\n<p>Les donn\u00e9es sont susceptibles d\u2019\u00eatre utilis\u00e9es par les partenaires de l\u2019\u00e9diteur \u00e0 des fins de prospection commerciale. En cas de refus, un email peut \u00eatre adress\u00e9 \u00e0:<\/p>\n<p>hello@karlenkoncept.com<\/p>\n<p>Si, lors de la consultation du site, les utilisateurs acc\u00e8dent \u00e0 des donn\u00e9es \u00e0 caract\u00e8re personnel, ils doivent s\u2019abstenir de toute collecte, de toute utilisation non autoris\u00e9e et de tout acte pouvant constituer une atteinte \u00e0 la vie priv\u00e9e ou \u00e0 la r\u00e9putation des personnes. L\u2019\u00e9diteur d\u00e9cline toute responsabilit\u00e9 \u00e0 cet \u00e9gard.<\/p>\n<p><strong>Article 13 \u2013 COOKIES:<\/strong><\/p>\n<p>Un \u00ab cookie \u00bb est un petit fichier contenant des donn\u00e9es qui est install\u00e9 sur un terminal (ordinateur, tablette, smartphone,\u2026) et lu par exemple lors de la consultation d\u2019un site internet, de la lecture d\u2019un courrier \u00e9lectronique, de l\u2019installation ou de l\u2019utilisation d\u2019un logiciel ou d\u2019une application mobile et ce quel que soit le type de terminal utilis\u00e9.<\/p>\n<p>Le site utilise des cookies pour am\u00e9liorer l\u2019exp\u00e9rience en ligne des utilisateurs et afin de mieux comprendre comment les services offerts sont appr\u00e9hend\u00e9s par ces derniers. Les informations collect\u00e9es ne seront utilis\u00e9es que pour suivre le volume, le type et la configuration du trafic utilisant ce site, pour en d\u00e9velopper la conception et l\u2019agencement.<\/p>\n<p>Les cookies suivants sont pr\u00e9sents sur ce site :<\/p>\n<ul>\n<li>Cookies n\u00e9cessaires\u00a0: ils\u00a0sont indispensables pour garantir une utilisation correcte du site, telles que l\u2019acc\u00e8s \u00e0 une zone s\u00e9curis\u00e9e. Sans ces cookies, certains services comme les pages de transaction et les comptes de connexion s\u00e9curis\u00e9e, ne seraient pas possibles.<\/li>\n<\/ul>\n<figure class=\"wp-block-table\">\n<table>\n<tbody>\n<tr>\n<td><strong>Nom du cookie<\/strong><\/td>\n<td><strong>Pos\u00e9 par<\/strong><\/td>\n<td><strong>Finalit\u00e9<\/strong><\/td>\n<td><strong>Expiration<\/strong><\/td>\n<\/tr>\n<tr>\n<td>jetpack_sso_nonce<\/td>\n<td>Jetpack<\/td>\n<td>Utilis\u00e9 pour la v\u00e9rification du nonce. Il sert \u00e0 s\u00e9curiser l\u2019interaction entre l\u2019internaute et le site<\/td>\n<td>1 jour<\/td>\n<\/tr>\n<tr>\n<td>wc_cart_hash_#<\/td>\n<td>Woocommerce<\/td>\n<td>Utilis\u00e9 par Woocommerce pour se rappeler du contenu d\u2019un panier d\u2019achat<\/td>\n<td>A la fin de la session<\/td>\n<\/tr>\n<tr>\n<td>wc_fragments_#<\/td>\n<td>Woocommerce<\/td>\n<td>Utilis\u00e9 par Woocommerce pour se rappeler du contenu d\u2019un panier d\u2019achat<\/td>\n<td>A la fin de la session<\/td>\n<\/tr>\n<tr>\n<td>wordpress_test_cookie<\/td>\n<td>WordPress<\/td>\n<td>Utilis\u00e9 par WordPress pour v\u00e9rifier si les cookies sont activt\u00e9s dans le navigateur<\/td>\n<td>A la fin de la session<\/td>\n<\/tr>\n<tr>\n<td>SERVERID567<\/td>\n<td>NA<\/td>\n<td>Permet de rafra\u00eechir les page du site<\/td>\n<td>A la fin de la session<\/td>\n<\/tr>\n<\/tbody>\n<\/table>\n<\/figure>\n<ul>\n<li>Cookies fonctionnels\u00a0:\u00a0ils servent \u00e0 diverses fins li\u00e9es \u00e0 la pr\u00e9sentation, aux performances et aux fonctionnalit\u00e9s du site. Leur but g\u00e9n\u00e9ral est cependant d\u2019am\u00e9liorer l\u2019exp\u00e9rience des utilisateurs ainsi que leur appr\u00e9ciation.<\/li>\n<\/ul>\n<figure class=\"wp-block-table\">\n<table>\n<tbody>\n<tr>\n<td><strong>Nom du cookie<\/strong><\/td>\n<td><strong>Pos\u00e9 par<\/strong><\/td>\n<td><strong>Finalit\u00e9<\/strong><\/td>\n<td><strong>Expiration<\/strong><\/td>\n<\/tr>\n<tr>\n<td>et_bloom_optin_optin_7_ef7656ae27_imp<\/td>\n<td>Elegant Theme<\/td>\n<td>Permet d\u2019enregistrer les informations requises pour l\u2019envoi d\u2019une newsletter<\/td>\n<td>1 an<\/td>\n<\/tr>\n<\/tbody>\n<\/table>\n<\/figure>\n<ul>\n<li>Cookies statistiques\u00a0: ils permettent de comprendre comment les utilisateurs interagissent avec le site.<\/li>\n<\/ul>\n<figure class=\"wp-block-table\">\n<table>\n<tbody>\n<tr>\n<td><strong>Nom du cookie<\/strong><\/td>\n<td><strong>Pos\u00e9 par<\/strong><\/td>\n<td><strong>Finalit\u00e9<\/strong><\/td>\n<td><strong>Expiration<\/strong><\/td>\n<\/tr>\n<tr>\n<td>_ga<\/td>\n<td>Google Analytics<\/td>\n<td>Permet de conna\u00eetre l\u2019utilisation et les performances du site et d\u2019en am\u00e9liorer le fonctionnement ou la fa\u00e7on dont le contenu est pr\u00e9sent\u00e9.<\/td>\n<td>2 ans<\/td>\n<\/tr>\n<tr>\n<td>_gat<\/td>\n<td>Google Analytics<\/td>\n<td>Permet de conna\u00eetre l\u2019utilisation et les performances du site et d\u2019en am\u00e9liorer le fonctionnement ou la fa\u00e7on dont le contenu est pr\u00e9sent\u00e9.<\/td>\n<td>A la fin de la session<\/td>\n<\/tr>\n<tr>\n<td>_gid<\/td>\n<td>Google Analytics<\/td>\n<td>Permet de conna\u00eetre l\u2019utilisation et les performances du site et d\u2019en am\u00e9liorer le fonctionnement ou la fa\u00e7on dont le contenu est pr\u00e9sent\u00e9.<\/td>\n<td>A la fin de la session<\/td>\n<\/tr>\n<\/tbody>\n<\/table>\n<\/figure>\n<ul>\n<li>Cookies marketing\u00a0: ils\u00a0sont utilis\u00e9s pour effectuer le suivi des utilisateurs au travers des sites Web. Le but est d\u2019afficher des publicit\u00e9s qui sont pertinentes et int\u00e9ressantes pour l\u2019utilisateur individuel et donc plus pr\u00e9cieuses pour les \u00e9diteurs et annonceurs tiers.<\/li>\n<\/ul>\n<figure class=\"wp-block-table\">\n<table>\n<tbody>\n<tr>\n<td><strong>Nom du cookie<\/strong><\/td>\n<td><strong>Pos\u00e9 par<\/strong><\/td>\n<td><strong>Finalit\u00e9<\/strong><\/td>\n<td><strong>Expiration<\/strong><\/td>\n<\/tr>\n<tr>\n<td>_fbp<\/td>\n<td>Facebook<\/td>\n<td>Utilis\u00e9 par Facebook pour fournir une s\u00e9rie de produits publicitaires tels que les offres en temps r\u00e9el d\u2019annonceurs tiers.<\/td>\n<td>A la fin de la session<\/td>\n<\/tr>\n<tr>\n<td>jetpack_sso_original_request<\/td>\n<td>Jetpack<\/td>\n<td>Permet de conserver l\u2019URL de la demande de connexion originale.<\/td>\n<td>A la fin de la session<\/td>\n<\/tr>\n<tr>\n<td>NID<\/td>\n<td>Google Recaptcha<\/td>\n<td>Enregistre un identifiant qui identifie l\u2019appareil de l\u2019utilisateur ou visiteur r\u00e9current. Cet identifiant est utilis\u00e9 pour des annonces cibl\u00e9es.<\/td>\n<td>\u00a0<\/td>\n<\/tr>\n<tr>\n<td>rc::a<\/td>\n<td>Google<\/td>\n<td>Utilis\u00e9 dans le contexte de la publicit\u00e9 vid\u00e9o. Le cookie limite le nombre de fois qu\u2019un m\u00eame visiteur a le m\u00eame contenu publicitaire. Le cookie est \u00e9galement utilis\u00e9 pour assurer la pertinence de la publicit\u00e9 vid\u00e9o pour le visiteur sp\u00e9cifique.<\/td>\n<td>A la fin de la session<\/td>\n<\/tr>\n<tr>\n<td>rc::b<\/td>\n<td>Google<\/td>\n<td>Utilis\u00e9 dans le contexte de la publicit\u00e9 vid\u00e9o. Le cookie limite le nombre de fois qu\u2019un m\u00eame visiteur a le m\u00eame contenu publicitaire. Le cookie est \u00e9galement utilis\u00e9 pour assurer la pertinence de la publicit\u00e9 vid\u00e9o pour le visiteur sp\u00e9cifique.<\/td>\n<td>A la fin de la session<\/td>\n<\/tr>\n<tr>\n<td>rc::c<\/td>\n<td>Google<\/td>\n<td>Utilis\u00e9 dans le contexte de la publicit\u00e9 vid\u00e9o. Le cookie limite le nombre de fois qu\u2019un m\u00eame visiteur a le m\u00eame contenu publicitaire. Le cookie est \u00e9galement utilis\u00e9 pour assurer la pertinence de la publicit\u00e9 vid\u00e9o pour le visiteur sp\u00e9cifique.<\/td>\n<td>A la fin de la session<\/td>\n<\/tr>\n<tr>\n<td>tk_lr<\/td>\n<td>wordpress<\/td>\n<td>Permet de collecter des informations de mesure pour am\u00e9liorer l\u2019exp\u00e9rience du visiteur.<\/td>\n<td>1 an<\/td>\n<\/tr>\n<tr>\n<td>tk_or<\/td>\n<td>wordpress<\/td>\n<td>Permet de collecter des informations de mesure pour cibler du contenu marketing appropri\u00e9 au visiteur.<\/td>\n<td>5 an<\/td>\n<\/tr>\n<tr>\n<td>tk_r3d<\/td>\n<td>Jetpack<\/td>\n<td>Permet de collecter des informations de mesure pour cibler du contenu marketing appropri\u00e9 au visiteur.<\/td>\n<td>2 jours<\/td>\n<\/tr>\n<tr>\n<td>tk_tc<\/td>\n<td>Jetpack<\/td>\n<td>Permet de collecter des informations de mesure pour cibler du contenu marketing appropri\u00e9 au visiteur.<\/td>\n<td>A la fin de la session<\/td>\n<\/tr>\n<\/tbody>\n<\/table>\n<\/figure>\n<p>Lors de la premi\u00e8re navigation sur ce site, une banni\u00e8re explicative sur l\u2019utilisation des \u00ab cookies \u00bb appara\u00eetra. D\u00e8s lors, en utilisant le site, les utilisateurs acceptent de recevoir des cookies conform\u00e9ment \u00e0 la pr\u00e9sente politique de confidentialit\u00e9.<\/p>\n<p>Afin de g\u00e9rer les cookies au plus pr\u00e8s de leurs attentes, les utilisateurs sont invit\u00e9s \u00e0 param\u00e9trer leur navigateur en tenant compte de la finalit\u00e9 des cookies. Ci-dessous les instructions relatives \u00e0 la gestion et \u00e0 la d\u00e9sactivation des cookies, en fonction des navigateurs :<\/p>\n<ul>\n<li><strong>Internet Explorer<\/strong><\/li>\n<\/ul>\n<ul>\n<li>Cliquer sur le bouton Outils, puis sur Options Internet.<\/li>\n<li>Cliquer sur Confidentialit\u00e9, cliquer sur Avanc\u00e9.<\/li>\n<li>Dans la fen\u00eatre Cookies, s\u00e9lectionner ses pr\u00e9f\u00e9rences.<\/li>\n<li><strong>Google Chrome<\/strong><\/li>\n<\/ul>\n<ul>\n<li>Cliquer sur le bouton Menu, puis Param\u00e8tres.<\/li>\n<li>Cliquer sur le lien Afficher les param\u00e8tres avanc\u00e9s.<\/li>\n<li>Dans la section Confidentialit\u00e9, cliquer sur le bouton Param\u00e8tres de contenu.<\/li>\n<li>Puis dans la section Cookies, s\u00e9lectionner ses pr\u00e9f\u00e9rences.<\/li>\n<li><strong>Mozilla Firefox<\/strong><\/li>\n<\/ul>\n<ul>\n<li>Cliquer sur le bouton Menu, puis s\u00e9lectionnez Options \/ Pr\u00e9f\u00e9rences.<\/li>\n<li>S\u00e9lectionner Vie priv\u00e9e.<\/li>\n<li>Dans la zone Historique, pour l\u2019option R\u00e8gles de conservation, s\u00e9lectionner Utiliser les param\u00e8tres personnalis\u00e9s pour l\u2019historique.<\/li>\n<li>Cocher ou d\u00e9cocher la case Accepter les cookies, puis s\u00e9lectionner ses pr\u00e9f\u00e9rences.<\/li>\n<li><strong>Safari<\/strong><\/li>\n<\/ul>\n<ul>\n<li>Cliquer sur le menu Safari, puis sur Pr\u00e9f\u00e9rences.<\/li>\n<li>Cliquer sur l\u2019onglet S\u00e9curit\u00e9.<\/li>\n<li>Dans la section Bloquer les cookies, s\u00e9lectionner ses pr\u00e9f\u00e9rences.<\/li>\n<\/ul>\n<p>Pour plus d\u2019informations sur l\u2019utilisation, la gestion et la suppression des \u00ab cookies \u00bb, pour tout type de navigateur, les utilisateurs sont invit\u00e9s \u00e0 consulter le\u00a0<a href=\"https:\/\/www.cnil.fr\/\">site de la CNIL<\/a> et en particulier son guide relatif \u00e0 la la ma\u00eetrise des donn\u00e9es<\/p>\n<p><strong>Article 14 \u2013 PHOTOGRAPHIE ET REPR\u00c9SENTATION DES PRODUITS:<\/strong><\/p>\n<p>Les photographies de produits, accompagnant leur description, ne sont pas contractuelles et n\u2019engagent pas l\u2019\u00e9diteur.<\/p>\n<p><strong>Article 15 \u2013 LOI APPLICABLE:<\/strong><\/p>\n<p>La pr\u00e9sente politique est r\u00e9gie par la loi fran\u00e7aise et soumise \u00e0 la comp\u00e9tence des tribunaux du si\u00e8ge social de l\u2019\u00e9diteur, sous r\u00e9serve d\u2019une attribution de comp\u00e9tence sp\u00e9cifique d\u00e9coulant d\u2019un texte de loi ou r\u00e9glementaire particulier.<\/p>\n<p><strong>Article 16 \u2013 CONTACT:<\/strong><\/p>\n<p>Pour toute question, information sur les produits pr\u00e9sent\u00e9s sur le site, ou concernant le site lui-m\u00eame, les utilisateurs peuvent laisser un message \u00e0 l\u2019adresse suivante : hello@karlenkoncept.com<\/p>\n\t\t\t\t\t<\/div>\n\t\t\t\t\t\t<\/div>\n\t\t\t\t<\/div>\n\t\t\t\t\t\t<\/div>\n\t\t\t\t\t<\/div>\n\t\t<\/div>\n\t\t\t\t\t\t\t\t<\/div>\n\t\t\t\t\t<\/div>\n\t\t<\/section>\n\t\t\t\t\t\t\t\t\t<\/div>\n\t\t\t<\/div>\n\t\t\t\t\t<\/div>\n\t\t","protected":false},"excerpt":{"rendered":"<p>Karlen Koncept soucieuse des droits des individus, notamment au regard des traitements automatis\u00e9s, et dans une volont\u00e9 de transparence avec ses clients, a mis en place pour le site www.karlenkoncept.com\u00a0(ci-apr\u00e8s le \u201csite\u201d)\u00a0la pr\u00e9sente politique reprenant l\u2019ensemble de ces traitements, des finalit\u00e9s poursuivies par ces derniers ainsi que des moyens d\u2019actions \u00e0 la disposition des individus [&hellip;]<\/p>\n","protected":false},"author":3,"featured_media":0,"parent":0,"menu_order":0,"comment_status":"closed","ping_status":"closed","template":"","meta":[],"aioseo_notices":[],"_links":{"self":[{"href":"https:\/\/www.karlenkoncept.com\/en\/wp-json\/wp\/v2\/pages\/11604"}],"collection":[{"href":"https:\/\/www.karlenkoncept.com\/en\/wp-json\/wp\/v2\/pages"}],"about":[{"href":"https:\/\/www.karlenkoncept.com\/en\/wp-json\/wp\/v2\/types\/page"}],"author":[{"embeddable":true,"href":"https:\/\/www.karlenkoncept.com\/en\/wp-json\/wp\/v2\/users\/3"}],"replies":[{"embeddable":true,"href":"https:\/\/www.karlenkoncept.com\/en\/wp-json\/wp\/v2\/comments?post=11604"}],"version-history":[{"count":0,"href":"https:\/\/www.karlenkoncept.com\/en\/wp-json\/wp\/v2\/pages\/11604\/revisions"}],"wp:attachment":[{"href":"https:\/\/www.karlenkoncept.com\/en\/wp-json\/wp\/v2\/media?parent=11604"}],"curies":[{"name":"wp","href":"https:\/\/api.w.org\/{rel}","templated":true}]}}